{"id":5046,"date":"2025-12-04T10:44:04","date_gmt":"2025-12-04T10:44:04","guid":{"rendered":"https:\/\/collectiuargelaga.org\/?page_id=5046"},"modified":"2026-02-13T06:21:50","modified_gmt":"2026-02-13T06:21:50","slug":"mediacio-familiar-i-comunitaria","status":"publish","type":"page","link":"https:\/\/collectiuargelaga.org\/es\/mediacio-familiar-i-comunitaria\/","title":{"rendered":"MEDIACI\u00d3N FAMILIAR Y COMUNITARIA"},"content":{"rendered":"\t\t<div data-elementor-type=\"wp-page\" data-elementor-id=\"5046\" class=\"elementor elementor-5046\" data-elementor-post-type=\"page\">\n\t\t\t\t<div class=\"elementor-element elementor-element-32a2627 e-flex e-con-boxed e-con e-parent\" data-id=\"32a2627\" data-element_type=\"container\" data-e-type=\"container\">\n\t\t\t\t\t<div class=\"e-con-inner\">\n\t\t<div class=\"elementor-element elementor-element-c37dbaa e-con-full e-flex e-con e-child\" data-id=\"c37dbaa\" data-element_type=\"container\" data-e-type=\"container\">\n\t\t\t\t<div class=\"elementor-element elementor-element-f7b5072 elementor-widget elementor-widget-heading\" data-id=\"f7b5072\" data-element_type=\"widget\" data-e-type=\"widget\" data-widget_type=\"heading.default\">\n\t\t\t\t\t<h2 class=\"elementor-heading-title elementor-size-default\">Mediaci\u00f3 Familiar i Comunit\u00e0ria<\/h2>\t\t\t\t<\/div>\n\t\t<div class=\"elementor-element elementor-element-0c8eee7 e-grid e-con-full e-con e-child\" data-id=\"0c8eee7\" data-element_type=\"container\" data-e-type=\"container\">\n\t\t\t\t<div class=\"elementor-element elementor-element-a73454b elementor-widget elementor-widget-text-editor\" data-id=\"a73454b\" data-element_type=\"widget\" data-e-type=\"widget\" data-widget_type=\"text-editor.default\">\n\t\t\t\t\t\t\t\t\t<p class=\"p1\">Intervenim en processos de conflicte o tensi\u00f3 entre persones o col\u00b7lectius, aix\u00ed com en la prevenci\u00f3 de viol\u00e8ncies i en l\u2019enfortiment de la comunitat, oferint espais de di\u00e0leg segur, escolta activa i reparaci\u00f3. Treballem des d\u2019una perspectiva restaurativa, comunit\u00e0ria i amb mirada interseccional per generar vincles m\u00e9s saludables i sostenibles. Estem acreditats com a mediadors oficials per la Generalitat de Catalunya i el Ministeri d\u2019Espanya i tenim formaci\u00f3 en cercles de paraula i pr\u00e0ctiques restauratives.<\/p>\n\t\t\t\t\t\t\t\t<\/div>\n\t\t\t\t<div class=\"elementor-element elementor-element-16fb637 elementor-button-align-stretch elementor-widget elementor-widget-form\" data-id=\"16fb637\" data-element_type=\"widget\" data-e-type=\"widget\" data-settings=\"{&quot;step_next_label&quot;:&quot;Siguiente&quot;,&quot;step_previous_label&quot;:&quot;Anterior&quot;,&quot;button_width&quot;:&quot;100&quot;,&quot;step_type&quot;:&quot;number_text&quot;,&quot;step_icon_shape&quot;:&quot;circle&quot;}\" data-widget_type=\"form.default\">\n\t\t\t\t\t\t\t<form class=\"elementor-form\" method=\"post\" name=\"Formulario Mediaci\u00f3 Familiar i Comunit\u00e0ria\u200b\" aria-label=\"Formulario Mediaci\u00f3 Familiar i Comunit\u00e0ria\u200b\">\n\t\t\t<input type=\"hidden\" name=\"post_id\" value=\"5046\"\/>\n\t\t\t<input type=\"hidden\" name=\"form_id\" value=\"16fb637\"\/>\n\t\t\t<input type=\"hidden\" name=\"referer_title\" value=\"MEDIACI\u00d3 FAMILIAR I COMUNIT\u00c0RIA\" \/>\n\n\t\t\t\t\t\t\t<input type=\"hidden\" name=\"queried_id\" value=\"5046\"\/>\n\t\t\t\n\t\t\t<div class=\"elementor-form-fields-wrapper elementor-labels-above\">\n\t\t\t\t\t\t\t\t<div class=\"elementor-field-type-text elementor-field-group elementor-column elementor-field-group-name elementor-col-100\">\n\t\t\t\t\t\t\t\t\t\t\t\t<label for=\"form-field-name\" class=\"elementor-field-label\">\n\t\t\t\t\t\t\t\tNom\t\t\t\t\t\t\t<\/label>\n\t\t\t\t\t\t\t\t\t\t\t\t\t\t<input size=\"1\" type=\"text\" name=\"form_fields[name]\" id=\"form-field-name\" class=\"elementor-field elementor-size-sm  elementor-field-textual\">\n\t\t\t\t\t\t\t\t\t\t\t<\/div>\n\t\t\t\t\t\t\t\t<div class=\"elementor-field-type-email elementor-field-group elementor-column elementor-field-group-email elementor-col-100 elementor-field-required\">\n\t\t\t\t\t\t\t\t\t\t\t\t<label for=\"form-field-email\" class=\"elementor-field-label\">\n\t\t\t\t\t\t\t\tE-mail\t\t\t\t\t\t\t<\/label>\n\t\t\t\t\t\t\t\t\t\t\t\t\t\t<input size=\"1\" type=\"email\" name=\"form_fields[email]\" id=\"form-field-email\" class=\"elementor-field elementor-size-sm  elementor-field-textual\" required=\"required\">\n\t\t\t\t\t\t\t\t\t\t\t<\/div>\n\t\t\t\t\t\t\t\t<div class=\"elementor-field-type-textarea elementor-field-group elementor-column elementor-field-group-message elementor-col-100\">\n\t\t\t\t\t\t\t\t\t\t\t\t<label for=\"form-field-message\" class=\"elementor-field-label\">\n\t\t\t\t\t\t\t\tMissatge\t\t\t\t\t\t\t<\/label>\n\t\t\t\t\t\t<textarea class=\"elementor-field-textual elementor-field  elementor-size-sm\" name=\"form_fields[message]\" id=\"form-field-message\" rows=\"4\"><\/textarea>\t\t\t\t<\/div>\n\t\t\t\t\t\t\t\t<div class=\"elementor-field-group elementor-column elementor-field-type-submit elementor-col-100 e-form__buttons\">\n\t\t\t\t\t<button class=\"elementor-button elementor-size-sm\" type=\"submit\">\n\t\t\t\t\t\t<span class=\"elementor-button-content-wrapper\">\n\t\t\t\t\t\t\t\t\t\t\t\t\t\t\t\t\t\t\t\t\t\t<span class=\"elementor-button-text\">Enviar<\/span>\n\t\t\t\t\t\t\t\t\t\t\t\t\t<\/span>\n\t\t\t\t\t<\/button>\n\t\t\t\t<\/div>\n\t\t\t<\/div>\n\t\t<\/form>\n\t\t\t\t\t\t<\/div>\n\t\t\t\t<\/div>\n\t\t\t\t<\/div>\n\t\t\t\t\t<\/div>\n\t\t\t\t<\/div>\n\t\t\t\t<\/div>\n\t\t","protected":false},"excerpt":{"rendered":"<p>Mediaci\u00f3 Familiar i Comunit\u00e0ria Intervenim en processos de conflicte o tensi\u00f3 entre persones o col\u00b7lectius, aix\u00ed com en la prevenci\u00f3 de viol\u00e8ncies i en l\u2019enfortiment de la comunitat, oferint espais de di\u00e0leg segur, escolta activa i reparaci\u00f3. Treballem des d\u2019una perspectiva restaurativa, comunit\u00e0ria i amb mirada interseccional per generar vincles m\u00e9s saludables i sostenibles. Estem [&hellip;]<\/p>\n","protected":false},"author":1,"featured_media":0,"parent":0,"menu_order":0,"comment_status":"closed","ping_status":"closed","template":"elementor_header_footer","meta":{"_acf_changed":false,"footnotes":""},"class_list":["post-5046","page","type-page","status-publish","hentry"],"acf":[],"_links":{"self":[{"href":"https:\/\/collectiuargelaga.org\/es\/wp-json\/wp\/v2\/pages\/5046","targetHints":{"allow":["GET"]}}],"collection":[{"href":"https:\/\/collectiuargelaga.org\/es\/wp-json\/wp\/v2\/pages"}],"about":[{"href":"https:\/\/collectiuargelaga.org\/es\/wp-json\/wp\/v2\/types\/page"}],"author":[{"embeddable":true,"href":"https:\/\/collectiuargelaga.org\/es\/wp-json\/wp\/v2\/users\/1"}],"replies":[{"embeddable":true,"href":"https:\/\/collectiuargelaga.org\/es\/wp-json\/wp\/v2\/comments?post=5046"}],"version-history":[{"count":12,"href":"https:\/\/collectiuargelaga.org\/es\/wp-json\/wp\/v2\/pages\/5046\/revisions"}],"predecessor-version":[{"id":6175,"href":"https:\/\/collectiuargelaga.org\/es\/wp-json\/wp\/v2\/pages\/5046\/revisions\/6175"}],"wp:attachment":[{"href":"https:\/\/collectiuargelaga.org\/es\/wp-json\/wp\/v2\/media?parent=5046"}],"curies":[{"name":"wp","href":"https:\/\/api.w.org\/{rel}","templated":true}]}}