{"id":5607,"date":"2025-07-04T08:22:37","date_gmt":"2025-07-04T08:22:37","guid":{"rendered":"https:\/\/collectiuargelaga.org\/?page_id=5607"},"modified":"2025-12-04T10:27:48","modified_gmt":"2025-12-04T10:27:48","slug":"projectes-editorials","status":"publish","type":"page","link":"https:\/\/collectiuargelaga.org\/es\/projectes-editorials\/","title":{"rendered":"PROYECTOS EDITORIALES"},"content":{"rendered":"<div data-elementor-type=\"wp-page\" data-elementor-id=\"5607\" class=\"elementor elementor-5607\" data-elementor-post-type=\"page\">\n\t\t\t\t<div class=\"elementor-element elementor-element-a0dc13a e-flex e-con-boxed e-con e-parent\" data-id=\"a0dc13a\" data-element_type=\"container\" data-e-type=\"container\">\n\t\t\t\t\t<div class=\"e-con-inner\">\n\t\t\t\t<div class=\"elementor-element elementor-element-d978ed6 elementor-widget elementor-widget-heading\" data-id=\"d978ed6\" data-element_type=\"widget\" data-e-type=\"widget\" data-widget_type=\"heading.default\">\n\t\t\t\t\t<h2 class=\"elementor-heading-title elementor-size-default\">Proyectos editoriales<\/h2>\t\t\t\t<\/div>\n\t\t\t\t<div class=\"elementor-element elementor-element-2fda5cb elementor-widget elementor-widget-text-editor\" data-id=\"2fda5cb\" data-element_type=\"widget\" data-e-type=\"widget\" data-widget_type=\"text-editor.default\">\n\t\t\t\t\t\t\t\t\t<p><span style=\"font-weight: 400;\">Los libros son una herramienta m\u00e1s para hacer red, generar pensamiento y poner palabras a lo que a menudo queda en los m\u00e1rgenes. Ofrecemos presentaciones de nuestros proyectos editoriales para seguir haci\u00e9ndolos circular.<\/span><\/p>\n\t\t\t\t\t\t\t\t<\/div>\n\t\t<div class=\"elementor-element elementor-element-f53d772 e-grid e-con-full e-con e-child\" data-id=\"f53d772\" data-element_type=\"container\" data-e-type=\"container\">\n\t\t<div class=\"elementor-element elementor-element-fe8ed53 e-grid e-con-full e-con e-child\" data-id=\"fe8ed53\" data-element_type=\"container\" data-e-type=\"container\">\n\t\t\t\t<div class=\"elementor-element elementor-element-129a743 elementor-widget elementor-widget-image\" data-id=\"129a743\" data-element_type=\"widget\" data-e-type=\"widget\" data-widget_type=\"image.default\">\n\t\t\t\t\t\t\t\t\t\t\t\t\t\t\t<img fetchpriority=\"high\" decoding=\"async\" width=\"240\" height=\"300\" src=\"https:\/\/collectiuargelaga.org\/wp-content\/uploads\/2025\/05\/3-240x300.png\" class=\"attachment-medium size-medium wp-image-5359\" alt=\"\" srcset=\"https:\/\/collectiuargelaga.org\/wp-content\/uploads\/2025\/05\/3-240x300.png 240w, https:\/\/collectiuargelaga.org\/wp-content\/uploads\/2025\/05\/3-819x1024.png 819w, https:\/\/collectiuargelaga.org\/wp-content\/uploads\/2025\/05\/3-768x960.png 768w, https:\/\/collectiuargelaga.org\/wp-content\/uploads\/2025\/05\/3.png 1080w\" sizes=\"(max-width: 240px) 100vw, 240px\" \/>\t\t\t\t\t\t\t\t\t\t\t\t\t\t\t<\/div>\n\t\t\t\t<div class=\"elementor-element elementor-element-7733a53 elementor-widget elementor-widget-heading\" data-id=\"7733a53\" data-element_type=\"widget\" data-e-type=\"widget\" data-widget_type=\"heading.default\">\n\t\t\t\t\t<h2 class=\"elementor-heading-title elementor-size-default\">Gu\u00eda para patear la transfobia<\/h2>\t\t\t\t<\/div>\n\t\t\t\t<div class=\"elementor-element elementor-element-8852c5d elementor-widget elementor-widget-text-editor\" data-id=\"8852c5d\" data-element_type=\"widget\" data-e-type=\"widget\" data-widget_type=\"text-editor.default\">\n\t\t\t\t\t\t\t\t\t<p><span style=\"font-weight: 400;\">Gu\u00eda pr\u00e1ctica y sencilla para aprender a evitar actitudes transf\u00f3bicas y generar una base de conocimiento sobre los conceptos que giran en torno a las realidades trans. <\/span><\/p>\n<p><span style=\"font-weight: 400;\">Incluye un peque\u00f1o glosario que define conceptos b\u00e1sicos como trans, cis, expresi\u00f3n de g\u00e9nero y otros conceptos necesarios para entender esta gu\u00eda para pisar la transfobia.<\/span><\/p>\n\t\t\t\t\t\t\t\t<\/div>\n\t\t\t\t<\/div>\n\t\t<div class=\"elementor-element elementor-element-1a4a50f e-grid e-con-full e-con e-child\" data-id=\"1a4a50f\" data-element_type=\"container\" data-e-type=\"container\">\n\t\t\t\t<div class=\"elementor-element elementor-element-1a2ce7d elementor-widget elementor-widget-image\" data-id=\"1a2ce7d\" data-element_type=\"widget\" data-e-type=\"widget\" data-widget_type=\"image.default\">\n\t\t\t\t\t\t\t\t\t\t\t\t\t\t\t<img decoding=\"async\" width=\"240\" height=\"300\" src=\"https:\/\/collectiuargelaga.org\/wp-content\/uploads\/2025\/05\/1-1-240x300.png\" class=\"attachment-medium size-medium wp-image-5361\" alt=\"\" srcset=\"https:\/\/collectiuargelaga.org\/wp-content\/uploads\/2025\/05\/1-1-240x300.png 240w, https:\/\/collectiuargelaga.org\/wp-content\/uploads\/2025\/05\/1-1-819x1024.png 819w, https:\/\/collectiuargelaga.org\/wp-content\/uploads\/2025\/05\/1-1-768x960.png 768w, https:\/\/collectiuargelaga.org\/wp-content\/uploads\/2025\/05\/1-1.png 1080w\" sizes=\"(max-width: 240px) 100vw, 240px\" \/>\t\t\t\t\t\t\t\t\t\t\t\t\t\t\t<\/div>\n\t\t\t\t<div class=\"elementor-element elementor-element-4bf2449 elementor-widget elementor-widget-heading\" data-id=\"4bf2449\" data-element_type=\"widget\" data-e-type=\"widget\" data-widget_type=\"heading.default\">\n\t\t\t\t\t<h2 class=\"elementor-heading-title elementor-size-default\">Gu\u00eda para la convivencia neurodivergente<\/h2>\t\t\t\t<\/div>\n\t\t\t\t<div class=\"elementor-element elementor-element-59fa1c1 elementor-widget elementor-widget-text-editor\" data-id=\"59fa1c1\" data-element_type=\"widget\" data-e-type=\"widget\" data-widget_type=\"text-editor.default\">\n\t\t\t\t\t\t\t\t\t<p><span style=\"font-weight: 400;\">Descubre c\u00f3mo crear un espacio acogedor y armonioso en tu hogar con esta gu\u00eda. Dirigida tanto a personas neurodivergentes como neurot\u00edpicas, encontrar\u00e1s recursos para mejorar la convivencia, gestionar conflictos y satisfacer necesidades individuales. Aprende estrategias que te ayudar\u00e1n a mantener una atm\u00f3sfera de calma y cuidado en tu hogar.<\/span><\/p>\n\t\t\t\t\t\t\t\t<\/div>\n\t\t\t\t<\/div>\n\t\t<div class=\"elementor-element elementor-element-06df39e e-grid e-con-full e-con e-child\" data-id=\"06df39e\" data-element_type=\"container\" data-e-type=\"container\">\n\t\t\t\t<div class=\"elementor-element elementor-element-ed989d5 elementor-widget elementor-widget-image\" data-id=\"ed989d5\" data-element_type=\"widget\" data-e-type=\"widget\" data-widget_type=\"image.default\">\n\t\t\t\t\t\t\t\t\t\t\t\t\t\t\t<img decoding=\"async\" width=\"240\" height=\"300\" src=\"https:\/\/collectiuargelaga.org\/wp-content\/uploads\/2025\/05\/2-1-240x300.png\" class=\"attachment-medium size-medium wp-image-5362\" alt=\"\" srcset=\"https:\/\/collectiuargelaga.org\/wp-content\/uploads\/2025\/05\/2-1-240x300.png 240w, https:\/\/collectiuargelaga.org\/wp-content\/uploads\/2025\/05\/2-1-768x960.png 768w, https:\/\/collectiuargelaga.org\/wp-content\/uploads\/2025\/05\/2-1-819x1024.png 819w, https:\/\/collectiuargelaga.org\/wp-content\/uploads\/2025\/05\/2-1.png 1080w\" sizes=\"(max-width: 240px) 100vw, 240px\" \/>\t\t\t\t\t\t\t\t\t\t\t\t\t\t\t<\/div>\n\t\t\t\t<div class=\"elementor-element elementor-element-707f1a9 elementor-widget elementor-widget-heading\" data-id=\"707f1a9\" data-element_type=\"widget\" data-e-type=\"widget\" data-widget_type=\"heading.default\">\n\t\t\t\t\t<h2 class=\"elementor-heading-title elementor-size-default\">Autig\u00e9nero: el espectro de las disidencias. Autismo e identidades trans<\/h2>\t\t\t\t<\/div>\n\t\t\t\t<div class=\"elementor-element elementor-element-2376cb7 elementor-widget elementor-widget-text-editor\" data-id=\"2376cb7\" data-element_type=\"widget\" data-e-type=\"widget\" data-widget_type=\"text-editor.default\">\n\t\t\t\t\t\t\t\t\t<p class=\"p1\"><span style=\"font-weight: 400;\">Este trabajo habla de la intersecci\u00f3n entre las identidades autista y trans buscando plasmar qu\u00e9 retos experimentamos las personas que convivimos con esta intersecci\u00f3n a la hora de desarrollar nuestras identidades.<\/span><\/p>\n\t\t\t\t\t\t\t\t<\/div>\n\t\t\t\t<\/div>\n\t\t\t\t<\/div>\n\t\t\t\t\t<\/div>\n\t\t\t\t<\/div>\n\t\t<div class=\"elementor-element elementor-element-32fe6c3 e-grid e-con-boxed e-con e-parent\" data-id=\"32fe6c3\" data-element_type=\"container\" data-e-type=\"container\">\n\t\t\t\t\t<div class=\"e-con-inner\">\n\t\t\t\t<div class=\"elementor-element elementor-element-ee614c2 elementor-align-center elementor-widget elementor-widget-button\" data-id=\"ee614c2\" data-element_type=\"widget\" data-e-type=\"widget\" data-widget_type=\"button.default\">\n\t\t\t\t\t\t\t\t\t\t<a class=\"elementor-button elementor-button-link elementor-size-sm\" href=\"https:\/\/zoegrks.bigcartel.com\/product\/guia-para-patear-la-transfobia\">\n\t\t\t\t\t\t<span class=\"elementor-button-content-wrapper\">\n\t\t\t\t\t\t\t\t\t<span class=\"elementor-button-text\">Cons\u00edguelo aqu\u00ed<\/span>\n\t\t\t\t\t<\/span>\n\t\t\t\t\t<\/a>\n\t\t\t\t\t\t\t\t<\/div>\n\t\t\t\t<div class=\"elementor-element elementor-element-af2e937 elementor-align-center elementor-widget elementor-widget-button\" data-id=\"af2e937\" data-element_type=\"widget\" data-e-type=\"widget\" data-widget_type=\"button.default\">\n\t\t\t\t\t\t\t\t\t\t<a class=\"elementor-button elementor-button-link elementor-size-sm\" href=\"https:\/\/zoegrks.bigcartel.com\/product\/guia-para-la-convivencia-neurodivergente\">\n\t\t\t\t\t\t<span class=\"elementor-button-content-wrapper\">\n\t\t\t\t\t\t\t\t\t<span class=\"elementor-button-text\">Cons\u00edguelo aqu\u00ed<\/span>\n\t\t\t\t\t<\/span>\n\t\t\t\t\t<\/a>\n\t\t\t\t\t\t\t\t<\/div>\n\t\t\t\t<div class=\"elementor-element elementor-element-aecd1ff elementor-align-center elementor-widget elementor-widget-button\" data-id=\"aecd1ff\" data-element_type=\"widget\" data-e-type=\"widget\" data-widget_type=\"button.default\">\n\t\t\t\t\t\t\t\t\t\t<a class=\"elementor-button elementor-button-link elementor-size-sm\" href=\"https:\/\/zoegrks.bigcartel.com\/product\/autigenero-el-espectro-de-las-disidencias\">\n\t\t\t\t\t\t<span class=\"elementor-button-content-wrapper\">\n\t\t\t\t\t\t\t\t\t<span class=\"elementor-button-text\">Cons\u00edguelo aqu\u00ed<\/span>\n\t\t\t\t\t<\/span>\n\t\t\t\t\t<\/a>\n\t\t\t\t\t\t\t\t<\/div>\n\t\t\t\t\t<\/div>\n\t\t\t\t<\/div>\n\t\t<div class=\"elementor-element elementor-element-0500654 e-flex e-con-boxed e-con e-parent\" data-id=\"0500654\" data-element_type=\"container\" data-e-type=\"container\">\n\t\t\t\t\t<div class=\"e-con-inner\">\n\t\t<div class=\"elementor-element elementor-element-7ed634c e-con-full e-flex e-con e-child\" data-id=\"7ed634c\" data-element_type=\"container\" data-e-type=\"container\">\n\t\t<div class=\"elementor-element elementor-element-f0f6672 e-con-full e-flex e-con e-child\" data-id=\"f0f6672\" data-element_type=\"container\" data-e-type=\"container\">\n\t\t\t\t<div class=\"elementor-element elementor-element-593b9f9 elementor-widget elementor-widget-heading\" data-id=\"593b9f9\" data-element_type=\"widget\" data-e-type=\"widget\" data-widget_type=\"heading.default\">\n\t\t\t\t\t<h2 class=\"elementor-heading-title elementor-size-default\">Cuerpos sin mitos<\/h2>\t\t\t\t<\/div>\n\t\t\t\t<div class=\"elementor-element elementor-element-f746f43 elementor-widget elementor-widget-text-editor\" data-id=\"f746f43\" data-element_type=\"widget\" data-e-type=\"widget\" data-widget_type=\"text-editor.default\">\n\t\t\t\t\t\t\t\t\t<p><span style=\"font-weight: 400;\">Cuerpos sin mitos es un proyecto de difusi\u00f3n y visibilizaci\u00f3n de diferentes corporalidades genitales para visibilizar los cuerpos intersex, trans y disidentes en general.\u00a0<\/span><\/p>\n<p><span style=\"font-weight: 400;\">El proyecto consta de un folleto informativo y de un pack de 8 figuras de genitales hechos de forma artesanal y pintados a mano. Pueden ser utilizados como artesan\u00eda decorativa o como herramienta educativa para visibilizar genitales con diferentes colores de piel, distintos estados (erecci\u00f3n - flacidez) o una peque\u00f1a parte de las diferentes posibilidades que encontramos en la diversidad corporal.<\/span><\/p>\n\t\t\t\t\t\t\t\t<\/div>\n\t\t\t\t<\/div>\n\t\t<div class=\"elementor-element elementor-element-ae0d964 e-con-full e-flex e-con e-child\" data-id=\"ae0d964\" data-element_type=\"container\" data-e-type=\"container\">\n\t\t\t\t<div class=\"elementor-element elementor-element-057773c elementor-align-center elementor-widget elementor-widget-button\" data-id=\"057773c\" data-element_type=\"widget\" data-e-type=\"widget\" data-widget_type=\"button.default\">\n\t\t\t\t\t\t\t\t\t\t<a class=\"elementor-button elementor-button-link elementor-size-sm\" href=\"https:\/\/my.bigcartel.com\/products\/112098432\/edit\">\n\t\t\t\t\t\t<span class=\"elementor-button-content-wrapper\">\n\t\t\t\t\t\t\t\t\t<span class=\"elementor-button-text\">Cons\u00edguelo aqu\u00ed<\/span>\n\t\t\t\t\t<\/span>\n\t\t\t\t\t<\/a>\n\t\t\t\t\t\t\t\t<\/div>\n\t\t\t\t<\/div>\n\t\t\t\t<\/div>\n\t\t<div class=\"elementor-element elementor-element-1a79a64 e-con-full e-flex e-con e-child\" data-id=\"1a79a64\" data-element_type=\"container\" data-e-type=\"container\">\n\t\t\t\t<div class=\"elementor-element elementor-element-252e019 elementor-widget elementor-widget-image\" data-id=\"252e019\" data-element_type=\"widget\" data-e-type=\"widget\" data-widget_type=\"image.default\">\n\t\t\t\t\t\t\t\t\t\t\t\t\t\t\t<img loading=\"lazy\" decoding=\"async\" width=\"300\" height=\"300\" src=\"https:\/\/collectiuargelaga.org\/wp-content\/uploads\/2025\/05\/8-300x300.png\" class=\"attachment-medium size-medium wp-image-5061\" alt=\"\" srcset=\"https:\/\/collectiuargelaga.org\/wp-content\/uploads\/2025\/05\/8-300x300.png 300w, https:\/\/collectiuargelaga.org\/wp-content\/uploads\/2025\/05\/8-1024x1024.png 1024w, https:\/\/collectiuargelaga.org\/wp-content\/uploads\/2025\/05\/8-150x150.png 150w, https:\/\/collectiuargelaga.org\/wp-content\/uploads\/2025\/05\/8-768x768.png 768w, https:\/\/collectiuargelaga.org\/wp-content\/uploads\/2025\/05\/8-75x75.png 75w, https:\/\/collectiuargelaga.org\/wp-content\/uploads\/2025\/05\/8-129x129.png 129w, https:\/\/collectiuargelaga.org\/wp-content\/uploads\/2025\/05\/8-69x69.png 69w, https:\/\/collectiuargelaga.org\/wp-content\/uploads\/2025\/05\/8.png 1080w\" sizes=\"(max-width: 300px) 100vw, 300px\" \/>\t\t\t\t\t\t\t\t\t\t\t\t\t\t\t<\/div>\n\t\t\t\t<\/div>\n\t\t\t\t\t<\/div>\n\t\t\t\t<\/div>\n\t\t\t\t<\/div>","protected":false},"excerpt":{"rendered":"<p>Projectes editorials Els llibres s\u00f3n una eina m\u00e9s per fer xarxa, generar pensament i posar paraules a all\u00f2 que sovint queda als marges. Oferim presentacions dels nostres projectes editorials per seguir fent-los circular. Gu\u00eda para patear la transfobia Guia pr\u00e0ctica i senzilla per aprendre a evitar actituds transf\u00f2biques i generar una base de coneixement sobre [&hellip;]<\/p>\n","protected":false},"author":2,"featured_media":0,"parent":0,"menu_order":0,"comment_status":"closed","ping_status":"closed","template":"elementor_header_footer","meta":{"_acf_changed":false,"footnotes":""},"class_list":["post-5607","page","type-page","status-publish","hentry"],"acf":[],"_links":{"self":[{"href":"https:\/\/collectiuargelaga.org\/es\/wp-json\/wp\/v2\/pages\/5607","targetHints":{"allow":["GET"]}}],"collection":[{"href":"https:\/\/collectiuargelaga.org\/es\/wp-json\/wp\/v2\/pages"}],"about":[{"href":"https:\/\/collectiuargelaga.org\/es\/wp-json\/wp\/v2\/types\/page"}],"author":[{"embeddable":true,"href":"https:\/\/collectiuargelaga.org\/es\/wp-json\/wp\/v2\/users\/2"}],"replies":[{"embeddable":true,"href":"https:\/\/collectiuargelaga.org\/es\/wp-json\/wp\/v2\/comments?post=5607"}],"version-history":[{"count":11,"href":"https:\/\/collectiuargelaga.org\/es\/wp-json\/wp\/v2\/pages\/5607\/revisions"}],"predecessor-version":[{"id":5748,"href":"https:\/\/collectiuargelaga.org\/es\/wp-json\/wp\/v2\/pages\/5607\/revisions\/5748"}],"wp:attachment":[{"href":"https:\/\/collectiuargelaga.org\/es\/wp-json\/wp\/v2\/media?parent=5607"}],"curies":[{"name":"wp","href":"https:\/\/api.w.org\/{rel}","templated":true}]}}