{"id":5628,"date":"2025-07-04T09:08:23","date_gmt":"2025-07-04T09:08:23","guid":{"rendered":"https:\/\/collectiuargelaga.org\/?page_id=5628"},"modified":"2026-04-21T07:31:32","modified_gmt":"2026-04-21T07:31:32","slug":"accions-educatives","status":"publish","type":"page","link":"https:\/\/collectiuargelaga.org\/es\/accions-educatives\/","title":{"rendered":"ACCIONES EDUCATIVAS"},"content":{"rendered":"<div data-elementor-type=\"wp-page\" data-elementor-id=\"5628\" class=\"elementor elementor-5628\" data-elementor-post-type=\"page\">\n\t\t\t\t<div class=\"elementor-element elementor-element-a0dc13a e-flex e-con-boxed e-con e-parent\" data-id=\"a0dc13a\" data-element_type=\"container\" data-e-type=\"container\">\n\t\t\t\t\t<div class=\"e-con-inner\">\n\t\t\t\t<div class=\"elementor-element elementor-element-d978ed6 elementor-widget elementor-widget-heading\" data-id=\"d978ed6\" data-element_type=\"widget\" data-e-type=\"widget\" data-widget_type=\"heading.default\">\n\t\t\t\t\t<h2 class=\"elementor-heading-title elementor-size-default\">Acciones educativas<\/h2>\t\t\t\t<\/div>\n\t\t<div class=\"elementor-element elementor-element-6138d67 e-grid e-con-full e-con e-child\" data-id=\"6138d67\" data-element_type=\"container\" data-e-type=\"container\">\n\t\t\t\t<div class=\"elementor-element elementor-element-77e9529 elementor-widget elementor-widget-ms_lms_icon_box\" data-id=\"77e9529\" data-element_type=\"widget\" data-e-type=\"widget\" data-widget_type=\"ms_lms_icon_box.default\">\n\t\t\t\t<div class=\"elementor-widget-container\">\n\t\t\t\t\t<div class=\"masterstudy-icon-box masterstudy-icon-box_default\">\n\t<div class=\"masterstudy-icon-box__container\">\n\t\t<span class=\"masterstudy-icon-box__icon\">\n\t\t\t\t\t\t\t<i class=\"\"><\/i>\n\t\t\t\t\t<\/span>\n\t<\/div>\n\t<div class=\"masterstudy-icon-box__container\">\n\t\t<h2 class=\"masterstudy-icon-box__heading\">\n\t\t\tENTORNOS EDUCATIVOS\t\t<\/h2>\n\t\t<div class=\"masterstudy-icon-box__text\">\n\t\t\tAcciones educativas dise\u00f1adas para ni\u00f1os, adolescentes y j\u00f3venes en centros educativos, entidades de ocio, espacios culturales y entornos de ocio, entre otros.\t\t<\/div>\n\t\t<a href=\"https:\/\/collectiuargelaga.org\/es\/entorns-educatius\/\" class=\"masterstudy-icon-box__button\"\n\t\t\t\t\t>\n\t\t\tM\u00e1s informaci\u00f3n\t\t<\/a>\n\t<\/div>\n<\/div>\n\t\t\t\t<\/div>\n\t\t\t\t<\/div>\n\t\t\t\t<div class=\"elementor-element elementor-element-ed8227c elementor-widget elementor-widget-ms_lms_icon_box\" data-id=\"ed8227c\" data-element_type=\"widget\" data-e-type=\"widget\" data-widget_type=\"ms_lms_icon_box.default\">\n\t\t\t\t<div class=\"elementor-widget-container\">\n\t\t\t\t\t<div class=\"masterstudy-icon-box masterstudy-icon-box_default\">\n\t<div class=\"masterstudy-icon-box__container\">\n\t\t<span class=\"masterstudy-icon-box__icon\">\n\t\t\t\t\t\t\t<i class=\"\"><\/i>\n\t\t\t\t\t<\/span>\n\t<\/div>\n\t<div class=\"masterstudy-icon-box__container\">\n\t\t<h2 class=\"masterstudy-icon-box__heading\">\n\t\t\tPROFESIONALES\t\t<\/h2>\n\t\t<div class=\"masterstudy-icon-box__text\">\n\t\t\tAcciones formativas para t\u00e9cnicas de entidades, instituciones, servicios p\u00fablicos y empresas que deseen incorporar miradas inclusivas y transformadoras.\t\t<\/div>\n\t\t<a href=\"https:\/\/collectiuargelaga.org\/es\/professionals\/\" class=\"masterstudy-icon-box__button\"\n\t\t\t\t\t>\n\t\t\tM\u00e1s informaci\u00f3n\t\t<\/a>\n\t<\/div>\n<\/div>\n\t\t\t\t<\/div>\n\t\t\t\t<\/div>\n\t\t\t\t<div class=\"elementor-element elementor-element-77a7638 elementor-widget elementor-widget-ms_lms_icon_box\" data-id=\"77a7638\" data-element_type=\"widget\" data-e-type=\"widget\" data-widget_type=\"ms_lms_icon_box.default\">\n\t\t\t\t<div class=\"elementor-widget-container\">\n\t\t\t\t\t<div class=\"masterstudy-icon-box masterstudy-icon-box_default\">\n\t<div class=\"masterstudy-icon-box__container\">\n\t\t<span class=\"masterstudy-icon-box__icon\">\n\t\t\t\t\t\t\t<i class=\"\"><\/i>\n\t\t\t\t\t<\/span>\n\t<\/div>\n\t<div class=\"masterstudy-icon-box__container\">\n\t\t<h2 class=\"masterstudy-icon-box__heading\">\n\t\t\tCIUDADAN\u00cdA\t\t<\/h2>\n\t\t<div class=\"masterstudy-icon-box__text\">\n\t\t\tAcciones educativas abiertas a familias, personas disidentes o personas con inter\u00e9s en formarse desde una mirada cr\u00edtica, diversa y respetuosa con las disidencias.\t\t<\/div>\n\t\t<a href=\"https:\/\/collectiuargelaga.org\/es\/ciutadania\/\" class=\"masterstudy-icon-box__button\"\n\t\t\t\t\t>\n\t\t\tM\u00e1s informaci\u00f3n\t\t<\/a>\n\t<\/div>\n<\/div>\n\t\t\t\t<\/div>\n\t\t\t\t<\/div>\n\t\t\t\t<div class=\"elementor-element elementor-element-66eb1d1 elementor-widget elementor-widget-ms_lms_icon_box\" data-id=\"66eb1d1\" data-element_type=\"widget\" data-e-type=\"widget\" data-widget_type=\"ms_lms_icon_box.default\">\n\t\t\t\t<div class=\"elementor-widget-container\">\n\t\t\t\t\t<div class=\"masterstudy-icon-box masterstudy-icon-box_default\">\n\t<div class=\"masterstudy-icon-box__container\">\n\t\t<span class=\"masterstudy-icon-box__icon\">\n\t\t\t\t\t\t\t<i class=\"\"><\/i>\n\t\t\t\t\t<\/span>\n\t<\/div>\n\t<div class=\"masterstudy-icon-box__container\">\n\t\t<h2 class=\"masterstudy-icon-box__heading\">\n\t\t\tESPACIOS SEGUROS\t\t<\/h2>\n\t\t<div class=\"masterstudy-icon-box__text\">\n\t\t\tGrupos de empoderamiento y generaci\u00f3n de red para personas disidentes y\/o en situaci\u00f3n de vulnerabilidad, orientados a reforzar soportes, promover la agencia y romper el aislamiento.\t\t<\/div>\n\t\t<a href=\"https:\/\/collectiuargelaga.org\/wp-content\/uploads\/2025\/07\/Espai-segur.pdf\" class=\"masterstudy-icon-box__button\"\n\t\t\t\t\t>\n\t\t\tM\u00e1s informaci\u00f3n\t\t<\/a>\n\t<\/div>\n<\/div>\n\t\t\t\t<\/div>\n\t\t\t\t<\/div>\n\t\t\t\t<\/div>\n\t\t\t\t\t<\/div>\n\t\t\t\t<\/div>\n\t\t\t\t<\/div>","protected":false},"excerpt":{"rendered":"<p>Accions educatives ENTORNS EDUCATIUS Accions educatives dissenyades per a infants, adolescents i joves a centres educatius, entitats de lleure, espais culturals i entorns d\u2019oci, entre d\u2019altres. M\u00e9s informaci\u00f3 PROFESSIONALS Accions formatives per a t\u00e8cniques d\u2019entitats, institucions, serveis p\u00fablics i empreses que vulguin incorporar mirades inclusives i transformadores. M\u00e9s informaci\u00f3 CIUTADANIA Accions educatives obertes a fam\u00edlies, [&hellip;]<\/p>\n","protected":false},"author":2,"featured_media":0,"parent":0,"menu_order":0,"comment_status":"closed","ping_status":"closed","template":"elementor_header_footer","meta":{"_acf_changed":false,"footnotes":""},"class_list":["post-5628","page","type-page","status-publish","hentry"],"acf":[],"_links":{"self":[{"href":"https:\/\/collectiuargelaga.org\/es\/wp-json\/wp\/v2\/pages\/5628","targetHints":{"allow":["GET"]}}],"collection":[{"href":"https:\/\/collectiuargelaga.org\/es\/wp-json\/wp\/v2\/pages"}],"about":[{"href":"https:\/\/collectiuargelaga.org\/es\/wp-json\/wp\/v2\/types\/page"}],"author":[{"embeddable":true,"href":"https:\/\/collectiuargelaga.org\/es\/wp-json\/wp\/v2\/users\/2"}],"replies":[{"embeddable":true,"href":"https:\/\/collectiuargelaga.org\/es\/wp-json\/wp\/v2\/comments?post=5628"}],"version-history":[{"count":14,"href":"https:\/\/collectiuargelaga.org\/es\/wp-json\/wp\/v2\/pages\/5628\/revisions"}],"predecessor-version":[{"id":5820,"href":"https:\/\/collectiuargelaga.org\/es\/wp-json\/wp\/v2\/pages\/5628\/revisions\/5820"}],"wp:attachment":[{"href":"https:\/\/collectiuargelaga.org\/es\/wp-json\/wp\/v2\/media?parent=5628"}],"curies":[{"name":"wp","href":"https:\/\/api.w.org\/{rel}","templated":true}]}}